{"id":2080,"date":"2021-08-19T22:43:06","date_gmt":"2021-08-19T22:43:06","guid":{"rendered":"https:\/\/apostroph.es\/?post_type=product&#038;p=2080"},"modified":"2021-08-19T22:43:07","modified_gmt":"2021-08-19T22:43:07","slug":"cara-a-cara-con-satanas","status":"publish","type":"product","link":"https:\/\/apostroph.es\/es\/product\/cara-a-cara-con-satanas\/","title":{"rendered":"Cara a cara con Satan\u00e1s"},"content":{"rendered":"<p>Vivencias de Fray Juan Jos\u00e9 Gallego Salvadores, exorcista de la Archidi\u00f3cesis de Barcelona. \u00bfExiste Satan\u00e1s? \u00bfEn qu\u00e9 consiste una posesi\u00f3n diab\u00f3lica? \u00bfSe est\u00e1n realizando exorcismos en la actualidad? \u00bfC\u00f3mo es un aut\u00e9ntico exorcismo de la Iglesia Cat\u00f3lica? \u00bfPor qu\u00e9 existe tanto secretismo en relaci\u00f3n con estos temas? Cara a Cara con Satan\u00e1s es un libro revelador, valiente, impactante, que te dejar\u00e1 sin aliento y que responder\u00e1 a estas preguntas y a otras muchas m\u00e1s. Por fin, un tema tab\u00fa en el seno de la misma Iglesia Cat\u00f3lica queda desvelado. Como nunca antes, la autora se adentra en el fascinante mundo de los exorcismos, las posesiones diab\u00f3licas y las influencias demon\u00edacas de manos del exorcista de la Archidi\u00f3cesis de la ciudad de Barcelona, el dominico Fray Juan Jos\u00e9 Gallego. En unas entrevistas cercanas y personales, el exorcista Fray Juan Jos\u00e9 Gallego se confiesa a la autora de este libro revelando detalles y an\u00e9cdotas muy \u00edntimas de su experiencia vital. Desde su infancia hasta el d\u00eda de hoy, que sigue incansable luchando contra el mism\u00edsimo Sat\u00e1n.<\/p>\n<p>En Cara a cara con Satan\u00e1s vivir\u00e1s con la autora experiencias \u00fanicas e irrepetibles. Prep\u00e1rate a conocer casos reales que te pondr\u00e1n los pelos de punta. Toma aliento y respira&#8230; ante lo que vas a leer. Una historia tan real que te parecer\u00e1 imposible que sea cierta. Fray Juan Jos\u00e9 Gallego Salvadores Castrillo de los Polvazares (Le\u00f3n), 1940. A la edad de 13 a\u00f1os entr\u00f3 en el seminario menor de los dominicos de Cardedeu (Barcelona) y fue ordenado fraile dominico de la orden de predicadores en 1965. Es Doctor en Teolog\u00eda por la Universidad de Santo Tom\u00e1s de Aquino (Roma), Licenciado en Filosof\u00eda y letras por la Universidad de Barcelona y catedr\u00e1tico em\u00e9rito de la Facultad de Valencia. Es miembro fundador de la Sociedad Internacional Tom\u00e1s de Aquino (SITA) y sigue \u00edntimamente vinculado a la misma. Ha ejercido de consejero general del Gobierno General de la orden dominica en Roma durante 11 a\u00f1os y ha sido el Provincial superior de la orden en Portugal durante 8 a\u00f1os. Su actividad en la Orden de Predicadores le ha llevado a viajar por medio mundo. En Espa\u00f1a trabaj\u00f3 como Provincial de la orden dominica de Arag\u00f3n mientras compaginaba su actividad como docente en la Facultad de Teolog\u00eda de Valencia, actividad que ejerci\u00f3 hasta su jubilaci\u00f3n a los 70 a\u00f1os.<\/p>\n<p>En 2007 se traslad\u00f3 al Convento de Santa Catalina Virgen y M\u00e1rtir de la ciudad de Barcelona y fue nombrado exorcista de la Archidi\u00f3cesis de Barcelona, funci\u00f3n que ha desarrollado ininterrumpidamente hasta la actualidad.<\/p>\n","protected":false},"excerpt":{"rendered":"<p>Versi\u00f3n en castellano<\/p>\n<p>Cara a Cara con Satan\u00e1s\u00a0es un libro revelador, valiente, impactante, que te dejar\u00e1 sin aliento y que responder\u00e1 a estas preguntas y a otras muchas m\u00e1s. Por fin, un tema tab\u00fa en el seno de la misma\u00a0Iglesia Cat\u00f3lica queda desvelado.<\/p>\n","protected":false},"featured_media":2081,"template":"","meta":{"ub_ctt_via":""},"product_brand":[],"product_cat":[213],"product_tag":[],"class_list":{"0":"post-2080","1":"product","2":"type-product","3":"status-publish","4":"has-post-thumbnail","6":"product_author-teresa-porqueras","7":"product_cat-ensayo","9":"first","10":"instock","11":"taxable","12":"shipping-taxable","13":"purchasable","14":"product-type-simple"},"featured_image_urls_v2":{"full":["https:\/\/apostroph.es\/wp-content\/uploads\/2021\/08\/516yD4yWo3L.jpg",357,500,false],"thumbnail":["https:\/\/apostroph.es\/wp-content\/uploads\/2021\/08\/516yD4yWo3L-150x150.jpg",150,150,true],"medium":["https:\/\/apostroph.es\/wp-content\/uploads\/2021\/08\/516yD4yWo3L-214x300.jpg",214,300,true],"medium_large":["https:\/\/apostroph.es\/wp-content\/uploads\/2021\/08\/516yD4yWo3L.jpg",357,500,false],"large":["https:\/\/apostroph.es\/wp-content\/uploads\/2021\/08\/516yD4yWo3L.jpg",357,500,false],"1536x1536":["https:\/\/apostroph.es\/wp-content\/uploads\/2021\/08\/516yD4yWo3L.jpg",357,500,false],"2048x2048":["https:\/\/apostroph.es\/wp-content\/uploads\/2021\/08\/516yD4yWo3L.jpg",357,500,false],"trp-custom-language-flag":["https:\/\/apostroph.es\/wp-content\/uploads\/2021\/08\/516yD4yWo3L-9x12.jpg",9,12,true],"mailpoet_newsletter_max":["https:\/\/apostroph.es\/wp-content\/uploads\/2021\/08\/516yD4yWo3L.jpg",357,500,false],"woocommerce_thumbnail":["https:\/\/apostroph.es\/wp-content\/uploads\/2021\/08\/516yD4yWo3L.jpg",357,500,false],"woocommerce_single":["https:\/\/apostroph.es\/wp-content\/uploads\/2021\/08\/516yD4yWo3L.jpg",357,500,false],"woocommerce_gallery_thumbnail":["https:\/\/apostroph.es\/wp-content\/uploads\/2021\/08\/516yD4yWo3L-100x100.jpg",100,100,true]},"post_excerpt_stackable_v2":"<p><em><strong>Versi\u00f3n en castellano<\/strong><\/em><\/p>\n<p><em>Cara a Cara con Satan\u00e1s<\/em>\u00a0es un libro revelador, valiente, impactante, que te dejar\u00e1 sin aliento y que responder\u00e1 a estas preguntas y a otras muchas m\u00e1s. Por fin, un tema tab\u00fa en el seno de la misma\u00a0Iglesia Cat\u00f3lica queda desvelado.<\/p>\n","category_list_v2":"","author_info_v2":{"name":"","url":""},"comments_num_v2":"0 comentarios","_links":{"self":[{"href":"https:\/\/apostroph.es\/es\/wp-json\/wp\/v2\/product\/2080","targetHints":{"allow":["GET"]}}],"collection":[{"href":"https:\/\/apostroph.es\/es\/wp-json\/wp\/v2\/product"}],"about":[{"href":"https:\/\/apostroph.es\/es\/wp-json\/wp\/v2\/types\/product"}],"wp:featuredmedia":[{"embeddable":true,"href":"https:\/\/apostroph.es\/es\/wp-json\/wp\/v2\/media\/2081"}],"wp:attachment":[{"href":"https:\/\/apostroph.es\/es\/wp-json\/wp\/v2\/media?parent=2080"}],"wp:term":[{"taxonomy":"product_brand","embeddable":true,"href":"https:\/\/apostroph.es\/es\/wp-json\/wp\/v2\/product_brand?post=2080"},{"taxonomy":"product_cat","embeddable":true,"href":"https:\/\/apostroph.es\/es\/wp-json\/wp\/v2\/product_cat?post=2080"},{"taxonomy":"product_tag","embeddable":true,"href":"https:\/\/apostroph.es\/es\/wp-json\/wp\/v2\/product_tag?post=2080"}],"curies":[{"name":"wp","href":"https:\/\/api.w.org\/{rel}","templated":true}]}}